{"id":14189,"date":"2017-09-20T11:34:57","date_gmt":"2017-09-20T11:34:57","guid":{"rendered":"http:\/\/demo-vintage.the-newspaper.cmsmasters.net\/?page_id=14174"},"modified":"2025-08-02T14:50:17","modified_gmt":"2025-08-02T20:50:17","slug":"home","status":"publish","type":"page","link":"https:\/\/www.acapulcopress.com\/","title":{"rendered":"Home"},"content":{"rendered":"<div id=\"cmsmasters_row_59hdnk4d49\" class=\"cmsmasters_row cmsmasters_color_scheme_default cmsmasters_row_top_default cmsmasters_row_bot_default cmsmasters_row_boxed\">\n<div class=\"cmsmasters_row_outer_parent\">\n<div class=\"cmsmasters_row_outer\">\n<div class=\"cmsmasters_row_inner\">\n<div class=\"cmsmasters_row_margin\">\n<div id=\"cmsmasters_column_gulwmuzub\" class=\"cmsmasters_column one_first\">\n<div class=\"cmsmasters_column_inner\"><\/div><\/div>\n<\/div>\n<\/div>\n<\/div>\n<\/div>\n<\/div>\n<div id=\"cmsmasters_row_vkvl65spm\" class=\"cmsmasters_row cmsmasters_color_scheme_default cmsmasters_row_top_default cmsmasters_row_bot_default cmsmasters_row_boxed\">\n<div class=\"cmsmasters_row_outer_parent\">\n<div class=\"cmsmasters_row_outer\">\n<div class=\"cmsmasters_row_inner\">\n<div class=\"cmsmasters_row_margin\">\n<div id=\"cmsmasters_column_0qrvtggm0d\" class=\"cmsmasters_column three_fourth\">\n<div class=\"cmsmasters_column_inner\">\n<div class=\"cmsmasters_slider\">\n\t\t\t<!-- START Slider 1 REVOLUTION SLIDER 6.6.12 --><p class=\"rs-p-wp-fix\"><\/p>\n\t\t\t<rs-module-wrap id=\"rev_slider_1_1_wrapper\" data-source=\"post\" style=\"visibility:hidden;background:transparent;padding:0;margin:0px auto;margin-top:0;margin-bottom:0;\">\n\t\t\t\t<rs-module id=\"rev_slider_1_1\" style=\"\" data-version=\"6.6.12\">\n\t\t\t\t\t<rs-slides style=\"overflow: hidden; position: absolute;\">\n\t\t\t\t\t\t<rs-slide style=\"position: absolute;\" data-key=\"rs-1264275\" data-title=\"Inaugur\u00f3 Evelyn Salgado Edici\u00f3n 50 del Tianguis Tur\u00edstico\" data-in=\"o:0;\" data-out=\"a:false;\">\n\t\t\t\t\t\t\t<img decoding=\"async\" src=\"\/\/www.acapulcopress.com\/wp-content\/plugins\/revslider\/public\/assets\/assets\/dummy.png\" alt=\"\" title=\"EVELYN TIANGUIS\" width=\"869\" height=\"1098\" class=\"rev-slidebg tp-rs-img rs-lazyload\" data-lazyload=\"\/\/www.acapulcopress.com\/wp-content\/uploads\/2026\/04\/EVELYN-TIANGUIS.png\" data-bg=\"f:contain;\" data-no-retina>\n<!--\n\t\t\t\t\t\t\t--><rs-layer\n\t\t\t\t\t\t\t\tid=\"slider-1-slide-1264275-layer-0\" \n\t\t\t\t\t\t\t\tdata-type=\"text\"\n\t\t\t\t\t\t\t\tdata-color=\"#ffffff\"\n\t\t\t\t\t\t\t\tdata-rsp_ch=\"on\"\n\t\t\t\t\t\t\t\tdata-xy=\"x:25px;y:573px;\"\n\t\t\t\t\t\t\t\tdata-text=\"w:normal;s:48;l:58;ls:0px;fw:700;\"\n\t\t\t\t\t\t\t\tdata-dim=\"w:460px;h:249px;\"\n\t\t\t\t\t\t\t\tdata-frame_999=\"o:0;st:w;\"\n\t\t\t\t\t\t\t\tstyle=\"z-index:5;font-family:'Playfair Display';font-style:italic;\"\n\t\t\t\t\t\t\t><a href=\"https:\/\/www.acapulcopress.com\/index.php\/2026\/04\/27\/inauguro-evelyn-salgado-edicion-50-del-tianguis-turistico\/\" style=\"color: #ffffff;\">Inaugur\u00f3 Evelyn Salgado Edici\u00f3n 50 del Tianguis Tur\u00edstico<\/a> \n\t\t\t\t\t\t\t<\/rs-layer><!--\n\n\t\t\t\t\t\t\t--><rs-layer\n\t\t\t\t\t\t\t\tid=\"slider-1-slide-1264275-layer-1\" \n\t\t\t\t\t\t\t\tdata-type=\"text\"\n\t\t\t\t\t\t\t\tdata-color=\"#ffffff\"\n\t\t\t\t\t\t\t\tdata-rsp_ch=\"on\"\n\t\t\t\t\t\t\t\tdata-xy=\"x:25px;y:842px;\"\n\t\t\t\t\t\t\t\tdata-text=\"w:normal;s:16;l:26;\"\n\t\t\t\t\t\t\t\tdata-dim=\"w:460px;h:174px;\"\n\t\t\t\t\t\t\t\tdata-frame_999=\"o:0;st:w;\"\n\t\t\t\t\t\t\t\tstyle=\"z-index:6;font-family:'Playfair Display';\"\n\t\t\t\t\t\t\t>ACAPULCO * 27 de abril 2026.<br \/>\r\n) Gobierno de Guerrero<br \/>\r\n \"Este es el momento de Acapulco, este el momento del Hogar del Sol, el momento de hacer \n\t\t\t\t\t\t\t<\/rs-layer><!--\n\n\t\t\t\t\t\t\t--><rs-layer\n\t\t\t\t\t\t\t\tid=\"slider-1-slide-1264275-layer-2\" \n\t\t\t\t\t\t\t\tdata-type=\"text\"\n\t\t\t\t\t\t\t\tdata-color=\"#ffffff\"\n\t\t\t\t\t\t\t\tdata-rsp_ch=\"on\"\n\t\t\t\t\t\t\t\tdata-xy=\"x:25px;y:969px;\"\n\t\t\t\t\t\t\t\tdata-text=\"w:normal;s:16;\"\n\t\t\t\t\t\t\t\tdata-frame_999=\"o:0;st:w;\"\n\t\t\t\t\t\t\t\tstyle=\"z-index:7;font-family:'Georgia', 'serif';\"\n\t\t\t\t\t\t\t><a href=\"https:\/\/www.acapulcopress.com\/index.php\/2026\/04\/27\/inauguro-evelyn-salgado-edicion-50-del-tianguis-turistico\/\" style=\"color: #ffffff;\">READ MORE<\/a> \n\t\t\t\t\t\t\t<\/rs-layer><!--\n\n\t\t\t\t\t\t\t--><rs-layer\n\t\t\t\t\t\t\t\tid=\"slider-1-slide-1264275-layer-3\" \n\t\t\t\t\t\t\t\tdata-type=\"text\"\n\t\t\t\t\t\t\t\tdata-color=\"#ffffff\"\n\t\t\t\t\t\t\t\tdata-rsp_ch=\"on\"\n\t\t\t\t\t\t\t\tdata-xy=\"x:25px;y:541px;\"\n\t\t\t\t\t\t\t\tdata-text=\"w:normal;s:13;l:21;fw:500;\"\n\t\t\t\t\t\t\t\tdata-frame_999=\"o:0;st:w;\"\n\t\t\t\t\t\t\t\tstyle=\"z-index:8;font-family:'Playfair Display';\"\n\t\t\t\t\t\t\t>28 de abril de 2026 \n\t\t\t\t\t\t\t<\/rs-layer><!--\n-->\t\t\t\t\t\t<\/rs-slide>\n\t\t\t\t\t<\/rs-slides>\n\t\t\t\t<\/rs-module>\n\t\t\t\t<script>\n\t\t\t\t\tsetREVStartSize({c: 'rev_slider_1_1',rl:[1240,1024,778,480],el:[1095],gw:[860],gh:[1095],type:'standard',justify:'',layout:'fullwidth',mh:\"0\"});if (window.RS_MODULES!==undefined && window.RS_MODULES.modules!==undefined && window.RS_MODULES.modules[\"revslider11\"]!==undefined) {window.RS_MODULES.modules[\"revslider11\"].once = false;window.revapi1 = undefined;if (window.RS_MODULES.checkMinimal!==undefined) window.RS_MODULES.checkMinimal()}\n\t\t\t\t<\/script>\n\t\t\t<\/rs-module-wrap>\n\t\t\t<!-- END REVOLUTION SLIDER -->\n<\/div>\n<\/div><\/div>\n<div id=\"cmsmasters_column_2xxupvhhcr\" class=\"cmsmasters_column one_fourth\">\n<div class=\"cmsmasters_column_inner\"><div id=\"cmsmasters_heading_cf2nwoum7\" class=\"cmsmasters_heading_wrap cmsmasters_heading_align_left\">\n\t<h2 class=\"cmsmasters_heading\">Noticias Diarias<\/h2>\n<\/div>\n<div id=\"cmsmasters_divider_zuhh5jsz34\" class=\"cmsmasters_divider cmsmasters_divider_width_long cmsmasters_divider_pos_center\"><\/div>\n<div id=\"cmsmasters_divider_1zdes14kf\" class=\"cmsmasters_divider cmsmasters_divider_width_long cmsmasters_divider_pos_center\"><\/div>\n<div id=\"cmsmasters_heading_2ozcnxisu\" class=\"cmsmasters_heading_wrap cmsmasters_heading_align_left\">\n\t<h4 class=\"cmsmasters_heading\">WORLD NEWS<\/h4>\n<\/div>\n<div class=\"cmsmasters_posts_slider post\" >\r\n\t\t<div id=\"cmsmasters_slider_xeo4yjawk3\" class=\"cmsmasters_owl_slider owl-carousel\" data-items=\"1\" data-single-item=\"false\" data-auto-play=\"false\" data-pagination=\"true\" data-navigation=\"true\"><div class=\"cmsmasters_owl_slider_item\"><!-- Start Posts Slider Post Article -->\r\n<article id=\"post-1264119\" class=\"cmsmasters_slider_post post-1264119 post type-post status-publish format-standard has-post-thumbnail hentry category-world-news tag-donaldtrump tag-guerrairan tag-attaullah-tarar tag-ishaq-dar tag-shehbaz-sharif tag-truth-social\">\r\n\t<div class=\"cmsmasters_slider_post_outer\">\r\n\t<div class=\"cmsmasters_slider_post_inner\"><header class=\"cmsmasters_slider_post_header entry-header\"><h3 class=\"cmsmasters_slider_post_title entry-title\"><a href=\"https:\/\/www.acapulcopress.com\/index.php\/2026\/04\/21\/trump-extiende-alto-el-fuego-con-iran\/\">Trump extiende alto el fuego con Ir\u00e1n<\/a><\/h3><\/header><div class=\"cmsmasters_slider_post_content entry-content\">\n<p>WASHINTON * 21 de abril 2026.<br \/>\n<em>) <a href=\"https:\/\/www.trtespanol.com\/article\/50a4a5b63fad\" target=\"_blank\" rel=\"noopener\">TRT \/ Agencias<\/a><\/em><br \/>\nEl preocupante conteo regresivo para el vencimiento del alto el fuego entre Washington y Teher\u00e1n qued\u00f3 congelado este martes, cuando el presidente de Estados Unidos,<strong> Donald Trump<\/strong>, anunci\u00f3 a &hellip; <a href=\"https:\/\/www.acapulcopress.com\/index.php\/2026\/04\/21\/trump-extiende-alto-el-fuego-con-iran\/\" class=\"read-more\">Leer m\u00e1s <\/a><\/p>\n<\/div>\n<\/div>\t<\/div>\r\n<\/article>\r\n<!-- Finish Posts Slider Post Article -->\r\n\r\n<\/div><\/div><\/div>\n<div id=\"cmsmasters_heading_o73cvqm4x\" class=\"cmsmasters_heading_wrap cmsmasters_heading_align_left\">\n\t<h4 class=\"cmsmasters_heading\">DESTACADAS<\/h4>\n<\/div>\n<div class=\"cmsmasters_posts_slider post\" >\r\n\t\t<div id=\"cmsmasters_slider_l0s8wlor4\" class=\"cmsmasters_owl_slider owl-carousel\" data-items=\"1\" data-single-item=\"false\" data-auto-play=\"5000\" data-pagination=\"true\" data-navigation=\"true\"><div class=\"cmsmasters_owl_slider_item\"><!-- Start Posts Slider Post Article -->\r\n<article id=\"post-1262516\" class=\"cmsmasters_slider_post post-1262516 post type-post status-publish format-standard has-post-thumbnail hentry category-trending tag-evelyn-salgado-pineda tag-mesa-de-coordinacion-para-la-construccion-de-la-paz\">\r\n\t<div class=\"cmsmasters_slider_post_outer\">\r\n\t<div class=\"cmsmasters_slider_post_inner\"><header class=\"cmsmasters_slider_post_header entry-header\"><h3 class=\"cmsmasters_slider_post_title entry-title\"><a href=\"https:\/\/www.acapulcopress.com\/index.php\/2026\/01\/21\/gobernadora-refuerza-seguridad-con-trabajo-diario-y-coordinado\/\">Gobernadora refuerza seguridad con trabajo diario y coordinado<\/a><\/h3><\/header><div class=\"cmsmasters_slider_post_content entry-content\">\n<p>La gobernadora Evelyn Salgado Pineda encabez\u00f3 la sesi\u00f3n de la Mesa de Coordinaci\u00f3n para la Construcci\u00f3n de la Paz&hellip; <a href=\"https:\/\/www.acapulcopress.com\/index.php\/2026\/01\/21\/gobernadora-refuerza-seguridad-con-trabajo-diario-y-coordinado\/\" class=\"read-more\">Leer m\u00e1s <\/a><\/p>\n<\/div>\n<\/div>\t<\/div>\r\n<\/article>\r\n<!-- Finish Posts Slider Post Article -->\r\n\r\n<\/div><\/div><\/div>\n<div id=\"cmsmasters_heading_yfc6xzf6\" class=\"cmsmasters_heading_wrap cmsmasters_heading_align_left\">\n\t<h4 class=\"cmsmasters_heading\">OPINI\u00d3N<\/h4>\n<\/div>\n<div class=\"cmsmasters_posts_slider post\" >\r\n\t\t<div id=\"cmsmasters_slider_m7ajtf9bg\" class=\"cmsmasters_owl_slider owl-carousel\" data-items=\"1\" data-single-item=\"false\" data-auto-play=\"false\" data-pagination=\"true\" data-navigation=\"true\"><div class=\"cmsmasters_owl_slider_item\"><!-- Start Posts Slider Post Article -->\r\n<article id=\"post-1264251\" class=\"cmsmasters_slider_post post-1264251 post type-post status-publish format-standard has-post-thumbnail hentry category-libertad-de-expresion category-editorial tag-beatrizmojica tag-chapulina tag-claudiasheinbaum tag-estheladamian tag-guerrero2027 tag-loschuchos tag-politicasautoritarias tag-amlo tag-misoginia tag-morena tag-prd\">\r\n\t<div class=\"cmsmasters_slider_post_outer\">\r\n\t<div class=\"cmsmasters_slider_post_inner\"><header class=\"cmsmasters_slider_post_header entry-header\"><h3 class=\"cmsmasters_slider_post_title entry-title\"><a href=\"https:\/\/www.acapulcopress.com\/index.php\/2026\/04\/27\/bety-una-una-mujer-que-no-da-un-paso-atras\/\">#Bety | \u00ab\u00bfUna una mujer que no da un paso atr\u00e1s?\u00bb<\/a><\/h3><\/header><div class=\"cmsmasters_slider_post_content entry-content\">\n<p>\u00abNo soy una mujer que de un paso atr\u00e1s\u00bb, sostiene &#8211;ufana&#8211; do\u00f1a #BetyMojica, actual senadora neomorinesta&hellip; <a href=\"https:\/\/www.acapulcopress.com\/index.php\/2026\/04\/27\/bety-una-una-mujer-que-no-da-un-paso-atras\/\" class=\"read-more\">Leer m\u00e1s <\/a><\/p>\n<\/div>\n<\/div>\t<\/div>\r\n<\/article>\r\n<!-- Finish Posts Slider Post Article -->\r\n\r\n<\/div><\/div><\/div>\n<div id=\"cmsmasters_heading_dxaocwqmxl\" class=\"cmsmasters_heading_wrap cmsmasters_heading_align_left\">\n\t<h4 class=\"cmsmasters_heading\">SEGURIDAD<\/h4>\n<\/div>\n<div class=\"cmsmasters_posts_slider post\" >\r\n\t\t<div id=\"cmsmasters_slider_4rhenbuyyp\" class=\"cmsmasters_owl_slider owl-carousel\" data-items=\"1\" data-single-item=\"false\" data-auto-play=\"false\" data-pagination=\"true\" data-navigation=\"true\"><div class=\"cmsmasters_owl_slider_item\"><!-- Start Posts Slider Post Article -->\r\n<article id=\"post-1264066\" class=\"cmsmasters_slider_post post-1264066 post type-post status-publish format-standard has-post-thumbnail hentry category-seguridad-y-justicia tag-armada-de-mexico tag-fiscalia-general-de-la-republica-fgr tag-secretaria-de-marina-semar\">\r\n\t<div class=\"cmsmasters_slider_post_outer\">\r\n\t<div class=\"cmsmasters_slider_post_inner\"><header class=\"cmsmasters_slider_post_header entry-header\"><h3 class=\"cmsmasters_slider_post_title entry-title\"><a href=\"https:\/\/www.acapulcopress.com\/index.php\/2026\/04\/17\/semar-y-fgr-incineraron-mas-de-cuatro-toneladas-de-cocaina\/\">Semar y FGR incineraron m\u00e1s de cuatro toneladas de coca\u00edna<\/a><\/h3><\/header><div class=\"cmsmasters_slider_post_content entry-content\">\n<p>Secretar\u00eda de Marina inform\u00f3 que ayer incineraron de aproximadamente 4 mil 241.30 kilogramos de clorhidrato de coca\u00edna&hellip; <a href=\"https:\/\/www.acapulcopress.com\/index.php\/2026\/04\/17\/semar-y-fgr-incineraron-mas-de-cuatro-toneladas-de-cocaina\/\" class=\"read-more\">Leer m\u00e1s <\/a><\/p>\n<\/div>\n<\/div>\t<\/div>\r\n<\/article>\r\n<!-- Finish Posts Slider Post Article -->\r\n\r\n<\/div><\/div><\/div>\n<div id=\"cmsmasters_heading_97eacecyc\" class=\"cmsmasters_heading_wrap cmsmasters_heading_align_left\">\n\t<h4 class=\"cmsmasters_heading\">VIEW MORE POSTS<\/h4>\n<\/div>\n<\/div><\/div>\n<\/div>\n<\/div>\n<\/div>\n<\/div>\n<\/div>\n<div id=\"cmsmasters_row_68e6067c7b\" class=\"cmsmasters_row cmsmasters_color_scheme_default cmsmasters_row_top_default cmsmasters_row_bot_default cmsmasters_row_boxed\">\n<div class=\"cmsmasters_row_outer_parent\">\n<div class=\"cmsmasters_row_outer\">\n<div class=\"cmsmasters_row_inner\">\n<div class=\"cmsmasters_row_margin\">\n<div id=\"cmsmasters_column_670e45664b\" class=\"cmsmasters_column one_first\">\n<div class=\"cmsmasters_column_inner\"><div id=\"cmsmasters_heading_8319660d94\" class=\"cmsmasters_heading_wrap cmsmasters_heading_align_left\">\n\t<h2 class=\"cmsmasters_heading\">Noticias Destacadas<\/h2>\n<\/div>\n<div id=\"cmsmasters_divider_bd444e628f\" class=\"cmsmasters_divider cmsmasters_divider_width_long cmsmasters_divider_pos_center\"><\/div>\n<div id=\"cmsmasters_divider_5449d51b3c\" class=\"cmsmasters_divider cmsmasters_divider_width_long cmsmasters_divider_pos_center\"><\/div>\n<\/div><\/div>\n<\/div>\n<\/div>\n<\/div>\n<\/div>\n<\/div>\n<div id=\"cmsmasters_row_33lpc77fi\" class=\"cmsmasters_row cmsmasters_color_scheme_default cmsmasters_row_top_default cmsmasters_row_bot_default cmsmasters_row_boxed\">\n<div class=\"cmsmasters_row_outer_parent\">\n<div class=\"cmsmasters_row_outer\">\n<div class=\"cmsmasters_row_inner\">\n<div class=\"cmsmasters_row_margin\">\n<div id=\"cmsmasters_column_3itkdl0nyu\" class=\"cmsmasters_column one_third\">\n<div class=\"cmsmasters_column_inner\">\n<div class=\"cmsmasters_slider\">\n\t\t\t<!-- START ESPECTACULARES MINI REVOLUTION SLIDER 6.6.12 --><p class=\"rs-p-wp-fix\"><\/p>\n\t\t\t<rs-module-wrap id=\"rev_slider_3_2_wrapper\" data-source=\"post\" style=\"visibility:hidden;background:transparent;padding:0;margin:0px auto;margin-top:0;margin-bottom:0;\">\n\t\t\t\t<rs-module id=\"rev_slider_3_2\" style=\"\" data-version=\"6.6.12\">\n\t\t\t\t\t<rs-slides style=\"overflow: hidden; position: absolute;\">\n\t\t\t\t\t\t<rs-slide style=\"position: absolute;\" data-key=\"rs-1263846\" data-title=\"Otro incendio en refiner\u00eda Olmeca de Dos Bocas\" data-description=\"Petr\u00f3leos Mexicanos (Pemex) inform\u00f3 la tarde de este jueves que se registr\u00f3 un incendio en un almac\u00e9n de coque de la refiner\u00eda Olmeca en Dos Bocas, Tabasco. La empresa paraestatal asegur\u00f3 que todos los servicios de emergencia acudieron a la zona para controlar el fuego.\" data-in=\"o:0;\" data-out=\"a:false;\">\n\t\t\t\t\t\t\t<img decoding=\"async\" src=\"\/\/www.acapulcopress.com\/wp-content\/plugins\/revslider\/public\/assets\/assets\/dummy.png\" alt=\"\" title=\"dos bocas\" width=\"960\" height=\"540\" class=\"rev-slidebg tp-rs-img rs-lazyload\" data-lazyload=\"\/\/www.acapulcopress.com\/wp-content\/uploads\/2026\/04\/dos-bocas.jpg\" data-no-retina>\n<!---->\t\t\t\t\t\t<\/rs-slide>\n\t\t\t\t\t<\/rs-slides>\n\t\t\t\t<\/rs-module>\n\t\t\t\t<script>\n\t\t\t\t\tsetREVStartSize({c: 'rev_slider_3_2',rl:[1240,1024,778,480],el:[274],gw:[361],gh:[274],type:'standard',justify:'',layout:'fullwidth',mh:\"0\"});if (window.RS_MODULES!==undefined && window.RS_MODULES.modules!==undefined && window.RS_MODULES.modules[\"revslider32\"]!==undefined) {window.RS_MODULES.modules[\"revslider32\"].once = false;window.revapi3 = undefined;if (window.RS_MODULES.checkMinimal!==undefined) window.RS_MODULES.checkMinimal()}\n\t\t\t\t<\/script>\n\t\t\t<\/rs-module-wrap>\n\t\t\t<!-- END REVOLUTION SLIDER -->\n<\/div>\n<div id=\"cmsmasters_divider_7yb45pd8pn\" class=\"cmsmasters_divider cmsmasters_divider_width_long cmsmasters_divider_pos_center\"><\/div>\n<div class=\"cmsmasters_text\">\n<p><\/p>\n<\/div>\n<div id=\"cmsmasters_heading_g2h53wb2xf\" class=\"cmsmasters_heading_wrap cmsmasters_heading_align_left\">\n\t<h4 class=\"cmsmasters_heading\">by Acapulco Press<\/h4>\n<\/div>\n<div class=\"cmsmasters_slider\">\n\t\t\t<!-- START SOCIEDADYPOLITICA MINI REVOLUTION SLIDER 6.6.12 --><p class=\"rs-p-wp-fix\"><\/p>\n\t\t\t<rs-module-wrap id=\"rev_slider_4_3_wrapper\" data-source=\"post\" style=\"visibility:hidden;background:transparent;padding:0;margin:0px auto;margin-top:0;margin-bottom:0;\">\n\t\t\t\t<rs-module id=\"rev_slider_4_3\" style=\"\" data-version=\"6.6.12\">\n\t\t\t\t\t<rs-slides style=\"overflow: hidden; position: absolute;\">\n\t\t\t\t\t\t<rs-slide style=\"position: absolute;\" data-key=\"rs-1264090\" data-title=\"Anuncia Donald Trump un \u201cnuevo amanecer\u201d para Cuba\" data-description=\"El presidente de Estados Unidos, Donald Trump, afirm\u00f3 este viernes que su administraci\u00f3n traer\u00e1 pronto un \u201cnuevo amanecer para Cuba\u201d, sobre un posible cambio en la relaci\u00f3n entre ambos pa\u00edses y ante el bloqueo energ\u00e9tico en la isla.\r\n\r\nEl mandatario hizo este comentario en un evento de la organizaci\u00f3n conservadora Turning Point USA en Arizona.\r\n\r\n\u201c70 a\u00f1os en espera. Se le llama un nuevo amanecer para Cuba. Vamos a ayudar a Cuba\u201d, dijo. \u201cTenemos a muchos grandes cubanoamericanos. No creo que haya demasiados en esta audiencia, pero si vas a Miami, tenemos gente, cubanoamericanos, personas que fueron brutalmente tratadas, cuyas familias fueron asesinadas y brutalizadas,\" data-in=\"o:0;\" data-out=\"a:false;\">\n\t\t\t\t\t\t\t<img decoding=\"async\" src=\"\/\/www.acapulcopress.com\/wp-content\/plugins\/revslider\/public\/assets\/assets\/dummy.png\" alt=\"\" title=\"US President Trump at the White House in Washington, DC\" width=\"1920\" height=\"1280\" class=\"rev-slidebg tp-rs-img rs-lazyload\" data-lazyload=\"\/\/www.acapulcopress.com\/wp-content\/uploads\/2026\/04\/trump-cuba.jpg\" data-no-retina>\n<!---->\t\t\t\t\t\t<\/rs-slide>\n\t\t\t\t\t<\/rs-slides>\n\t\t\t\t<\/rs-module>\n\t\t\t\t<script>\n\t\t\t\t\tsetREVStartSize({c: 'rev_slider_4_3',rl:[1240,1024,778,480],el:[274],gw:[361],gh:[274],type:'standard',justify:'',layout:'fullwidth',mh:\"0\"});if (window.RS_MODULES!==undefined && window.RS_MODULES.modules!==undefined && window.RS_MODULES.modules[\"revslider43\"]!==undefined) {window.RS_MODULES.modules[\"revslider43\"].once = false;window.revapi4 = undefined;if (window.RS_MODULES.checkMinimal!==undefined) window.RS_MODULES.checkMinimal()}\n\t\t\t\t<\/script>\n\t\t\t<\/rs-module-wrap>\n\t\t\t<!-- END REVOLUTION SLIDER -->\n<\/div>\n<\/div><\/div>\n<div id=\"cmsmasters_column_8e6oka9rqm\" class=\"cmsmasters_column one_third\">\n<div class=\"cmsmasters_column_inner\"><div class=\"cmsmasters_text\">\n<p><\/p>\n<\/div>\n<div id=\"cmsmasters_heading_ks8yjl7lrh\" class=\"cmsmasters_heading_wrap cmsmasters_heading_align_left\">\n\t<h4 class=\"cmsmasters_heading\">by Acapulco Press<\/h4>\n<\/div><div class=\"cmsmasters_text\">\n<p><\/p>\n<\/div>\n<div class=\"cmsmasters_text\">\n<p><\/p>\n<\/div>\n<div id=\"cmsmasters_divider_36eya7m6c\" class=\"cmsmasters_divider cmsmasters_divider_width_long cmsmasters_divider_pos_center\"><\/div>\n<div class=\"cmsmasters_text\">\n<p><\/p>\n<\/div>\n<div class=\"cmsmasters_text\">\n<p><\/p>\n<\/div>\n<\/div><\/div>\n<div id=\"cmsmasters_column_nzsizgjq4t\" class=\"cmsmasters_column one_third\">\n<div class=\"cmsmasters_column_inner\">\n<div class=\"cmsmasters_slider\">\n\t\t\t<!-- START LIFESTYLES MINI REVOLUTION SLIDER 6.6.12 --><p class=\"rs-p-wp-fix\"><\/p>\n\t\t\t<rs-module-wrap id=\"rev_slider_2_4_wrapper\" data-source=\"post\" style=\"visibility:hidden;background:transparent;padding:0;margin:0px auto;margin-top:0;margin-bottom:0;\">\n\t\t\t\t<rs-module id=\"rev_slider_2_4\" style=\"\" data-version=\"6.6.12\">\n\t\t\t\t\t<rs-slides style=\"overflow: hidden; position: absolute;\">\n\t\t\t\t\t\t<rs-slide style=\"position: absolute;\" data-key=\"rs-1264208\" data-title=\"Inaugur\u00f3 Gobernadora rehabilitaci\u00f3n de la UDA\" data-description=\"&quot;Estamos convencidos de que destinar recursos para los espacios deportivos siempre va a ser una buena inversi\u00f3n, nunca va a ser un gasto, siempre es una buena inversi\u00f3n\u201d, expres\u00f3 la gobernadora Evelyn Salgado Pineda\" data-in=\"o:0;\" data-out=\"a:false;\">\n\t\t\t\t\t\t\t<img decoding=\"async\" src=\"\/\/www.acapulcopress.com\/wp-content\/plugins\/revslider\/public\/assets\/assets\/dummy.png\" alt=\"\" title=\"UDA\" width=\"1080\" height=\"1449\" class=\"rev-slidebg tp-rs-img rs-lazyload\" data-lazyload=\"\/\/www.acapulcopress.com\/wp-content\/uploads\/2026\/04\/UDA.png\" data-no-retina>\n<!---->\t\t\t\t\t\t<\/rs-slide>\n\t\t\t\t\t<\/rs-slides>\n\t\t\t\t<\/rs-module>\n\t\t\t\t<script>\n\t\t\t\t\tsetREVStartSize({c: 'rev_slider_2_4',rl:[1240,1024,778,480],el:[483],gw:[360],gh:[483],type:'standard',justify:'',layout:'fullwidth',mh:\"0\"});if (window.RS_MODULES!==undefined && window.RS_MODULES.modules!==undefined && window.RS_MODULES.modules[\"revslider24\"]!==undefined) {window.RS_MODULES.modules[\"revslider24\"].once = false;window.revapi2 = undefined;if (window.RS_MODULES.checkMinimal!==undefined) window.RS_MODULES.checkMinimal()}\n\t\t\t\t<\/script>\n\t\t\t<\/rs-module-wrap>\n\t\t\t<!-- END REVOLUTION SLIDER -->\n<\/div>\n<div class=\"cmsmasters_text\">\n<p>&nbsp;<\/p>\n<\/div>\n<div class=\"cmsmasters_text\">\n<p><\/p>\n<\/div>\n<div id=\"cmsmasters_heading_ogvskn9quj\" class=\"cmsmasters_heading_wrap cmsmasters_heading_align_left\">\n\t<h4 class=\"cmsmasters_heading\">by Acapulco Press<\/h4>\n<\/div><div class=\"cmsmasters_text\">\n<p><\/p>\n<\/div>\n<div class=\"cmsmasters_text\">\n<p><\/p>\n<\/div>\n<\/div><\/div>\n<\/div>\n<\/div>\n<\/div>\n<\/div>\n<\/div>\n<div id=\"cmsmasters_row_ep4ljtgxvq\" class=\"cmsmasters_row cmsmasters_color_scheme_default cmsmasters_row_top_default cmsmasters_row_bot_default cmsmasters_row_boxed\">\n<div class=\"cmsmasters_row_outer_parent\">\n<div class=\"cmsmasters_row_outer\">\n<div class=\"cmsmasters_row_inner\">\n<div class=\"cmsmasters_row_margin\">\n<div id=\"cmsmasters_column_eae3ra24nq\" class=\"cmsmasters_column one_first\">\n<div class=\"cmsmasters_column_inner\">\n<div id=\"cmsmasters_divider_wy7b98e91\" class=\"cmsmasters_divider cmsmasters_divider_width_long cmsmasters_divider_pos_center\"><\/div>\n<\/div><\/div>\n<\/div>\n<\/div>\n<\/div>\n<\/div>\n<\/div>\n<div id=\"cmsmasters_row_mag0f7mz7\" class=\"cmsmasters_row cmsmasters_color_scheme_default cmsmasters_row_top_default cmsmasters_row_bot_default cmsmasters_row_boxed\">\n<div class=\"cmsmasters_row_outer_parent\">\n<div class=\"cmsmasters_row_outer\">\n<div class=\"cmsmasters_row_inner cmsmasters_row_no_margin\">\n<div class=\"cmsmasters_row_margin cmsmasters_row_columns_behavior\">\n<div id=\"cmsmasters_column_gqewtj2w8e\" class=\"cmsmasters_column one_fourth\">\n<div class=\"cmsmasters_column_inner\">\n<div class=\"cmsmasters_slider\">\n\t\t\t<!-- START MINI LEGISLACION BOTTOM REVOLUTION SLIDER 6.6.12 --><p class=\"rs-p-wp-fix\"><\/p>\n\t\t\t<rs-module-wrap id=\"rev_slider_5_5_wrapper\" data-source=\"post\" style=\"visibility:hidden;background:transparent;padding:0;margin:0px auto;margin-top:0;margin-bottom:0;\">\n\t\t\t\t<rs-module id=\"rev_slider_5_5\" style=\"\" data-version=\"6.6.12\">\n\t\t\t\t\t<rs-slides style=\"overflow: hidden; position: absolute;\">\n\t\t\t\t\t\t<rs-slide style=\"position: absolute;\" data-key=\"rs-1264272\" data-title=\"Demandan desde Congreso operativos de seguridad en playas de Acapulco\" data-in=\"o:0;\" data-out=\"a:false;\">\n\t\t\t\t\t\t\t<img decoding=\"async\" src=\"\/\/www.acapulcopress.com\/wp-content\/plugins\/revslider\/public\/assets\/assets\/dummy.png\" alt=\"Demandan desde Congreso operativos de seguridad en playas de Acapulco\" title=\"Semar y FGR incineraron m\u00e1s de cuatro toneladas de coca\u00edna\" class=\"rev-slidebg tp-rs-img rs-lazyload\" data-lazyload=\"\/\/www.acapulcopress.com\/wp-content\/plugins\/revslider\/public\/assets\/assets\/transparent.png\" data-no-retina>\n<!--\n\t\t\t\t\t\t\t--><rs-layer\n\t\t\t\t\t\t\t\tid=\"slider-5-slide-1264272-layer-0\" \n\t\t\t\t\t\t\t\tdata-type=\"image\"\n\t\t\t\t\t\t\t\tdata-rsp_ch=\"on\"\n\t\t\t\t\t\t\t\tdata-xy=\"y:-1px;\"\n\t\t\t\t\t\t\t\tdata-text=\"w:normal;\"\n\t\t\t\t\t\t\t\tdata-dim=\"w:259px;h:196px;\"\n\t\t\t\t\t\t\t\tdata-frame_999=\"o:0;st:w;\"\n\t\t\t\t\t\t\t\tstyle=\"z-index:5;\"\n\t\t\t\t\t\t\t><img decoding=\"async\" src=\"\/\/www.acapulcopress.com\/wp-content\/plugins\/revslider\/public\/assets\/assets\/dummy.png\" alt=\"\" class=\"tp-rs-img rs-lazyload\" width=\"1280\" height=\"853\" data-lazyload=\"\/\/www.acapulcopress.com\/wp-content\/uploads\/2026\/04\/marco-tulio-sanchez.jpeg\" data-no-retina> \n\t\t\t\t\t\t\t<\/rs-layer><!--\n\n\t\t\t\t\t\t\t--><rs-layer\n\t\t\t\t\t\t\t\tid=\"slider-5-slide-1264272-layer-1\" \n\t\t\t\t\t\t\t\tdata-type=\"text\"\n\t\t\t\t\t\t\t\tdata-color=\"#000000\"\n\t\t\t\t\t\t\t\tdata-rsp_ch=\"on\"\n\t\t\t\t\t\t\t\tdata-xy=\"y:229px;\"\n\t\t\t\t\t\t\t\tdata-text=\"w:normal;s:21;l:26;fw:500;\"\n\t\t\t\t\t\t\t\tdata-dim=\"w:260px;h:63px;\"\n\t\t\t\t\t\t\t\tdata-frame_999=\"o:0;st:w;\"\n\t\t\t\t\t\t\t\tstyle=\"z-index:6;font-family:'Oswald';\"\n\t\t\t\t\t\t\t><a href=\"https:\/\/www.acapulcopress.com\/index.php\/2026\/04\/27\/demandan-desde-congreso-operativos-de-seguridad-en-playas-de-acapulco\/\" target=\"_self\" style=\"font-family: 'Oswald';font-style: normal;\">Demandan desde Congreso operativos de seguridad en playas de Acapulco<\/a> \n\t\t\t\t\t\t\t<\/rs-layer><!--\n\n\t\t\t\t\t\t\t--><rs-layer\n\t\t\t\t\t\t\t\tid=\"slider-5-slide-1264272-layer-2\" \n\t\t\t\t\t\t\t\tdata-type=\"text\"\n\t\t\t\t\t\t\t\tdata-color=\"#000000\"\n\t\t\t\t\t\t\t\tdata-rsp_ch=\"on\"\n\t\t\t\t\t\t\t\tdata-xy=\"y:338px;\"\n\t\t\t\t\t\t\t\tdata-text=\"w:normal;s:16;l:20;\"\n\t\t\t\t\t\t\t\tdata-dim=\"w:260px;h:91px;\"\n\t\t\t\t\t\t\t\tdata-frame_999=\"o:0;st:w;\"\n\t\t\t\t\t\t\t\tstyle=\"z-index:7;font-family:'Roboto';\"\n\t\t\t\t\t\t\t>CHILPANCINGO * 27 de abril 2026.<br \/>\r\n) LXIV Legislatura | Guerrero<br \/>\r\nEl diputado Marco Tulio \n\t\t\t\t\t\t\t<\/rs-layer><!--\n\n\t\t\t\t\t\t\t--><rs-layer\n\t\t\t\t\t\t\t\tid=\"slider-5-slide-1264272-layer-3\" \n\t\t\t\t\t\t\t\tdata-type=\"text\"\n\t\t\t\t\t\t\t\tdata-color=\"#000000\"\n\t\t\t\t\t\t\t\tdata-rsp_ch=\"on\"\n\t\t\t\t\t\t\t\tdata-xy=\"y:424px;\"\n\t\t\t\t\t\t\t\tdata-text=\"w:normal;s:11;fw:500;\"\n\t\t\t\t\t\t\t\tdata-frame_999=\"o:0;st:w;\"\n\t\t\t\t\t\t\t\tstyle=\"z-index:8;font-family:'Roboto';\"\n\t\t\t\t\t\t\t><a href=\"https:\/\/www.acapulcopress.com\/index.php\/2026\/04\/27\/demandan-desde-congreso-operativos-de-seguridad-en-playas-de-acapulco\/\" target=\"_blank\">READ MORE<\/a> \n\t\t\t\t\t\t\t<\/rs-layer><!--\n\n\t\t\t\t\t\t\t--><rs-layer\n\t\t\t\t\t\t\t\tid=\"slider-5-slide-1264272-layer-4\" \n\t\t\t\t\t\t\t\tdata-type=\"text\"\n\t\t\t\t\t\t\t\tdata-color=\"#000000\"\n\t\t\t\t\t\t\t\tdata-rsp_ch=\"on\"\n\t\t\t\t\t\t\t\tdata-xy=\"y:309px;\"\n\t\t\t\t\t\t\t\tdata-text=\"w:normal;s:11;\"\n\t\t\t\t\t\t\t\tdata-frame_999=\"o:0;st:w;\"\n\t\t\t\t\t\t\t\tstyle=\"z-index:9;font-family:'Arial', 'Helvetica', 'sans-serif';\"\n\t\t\t\t\t\t\t>BY ACAPULCOPRESS \n\t\t\t\t\t\t\t<\/rs-layer><!--\n\n\t\t\t\t\t\t\t--><rs-layer\n\t\t\t\t\t\t\t\tid=\"slider-5-slide-1264272-layer-5\" \n\t\t\t\t\t\t\t\tdata-type=\"text\"\n\t\t\t\t\t\t\t\tdata-color=\"#8e8e93\"\n\t\t\t\t\t\t\t\tdata-rsp_ch=\"on\"\n\t\t\t\t\t\t\t\tdata-xy=\"y:205px;\"\n\t\t\t\t\t\t\t\tdata-text=\"w:normal;s:11;\"\n\t\t\t\t\t\t\t\tdata-dim=\"w:175px;\"\n\t\t\t\t\t\t\t\tdata-frame_999=\"o:0;st:w;\"\n\t\t\t\t\t\t\t\tstyle=\"z-index:9;font-family:'Arial', 'Helvetica', 'sans-serif';\"\n\t\t\t\t\t\t\t>28 de abril de 2026 \n\t\t\t\t\t\t\t<\/rs-layer><!--\n-->\t\t\t\t\t\t<\/rs-slide>\n\t\t\t\t\t<\/rs-slides>\n\t\t\t\t<\/rs-module>\n\t\t\t\t<script>\n\t\t\t\t\tsetREVStartSize({c: 'rev_slider_5_5',rl:[1240,1024,778,480],el:[461],gw:[259],gh:[461],type:'standard',justify:'',layout:'fullwidth',mh:\"0\"});if (window.RS_MODULES!==undefined && window.RS_MODULES.modules!==undefined && window.RS_MODULES.modules[\"revslider55\"]!==undefined) {window.RS_MODULES.modules[\"revslider55\"].once = false;window.revapi5 = undefined;if (window.RS_MODULES.checkMinimal!==undefined) window.RS_MODULES.checkMinimal()}\n\t\t\t\t<\/script>\n\t\t\t<\/rs-module-wrap>\n\t\t\t<!-- END REVOLUTION SLIDER -->\n<\/div>\n<\/div><\/div>\n<div id=\"cmsmasters_column_5gqea6fsq\" class=\"cmsmasters_column one_fourth\">\n<div class=\"cmsmasters_column_inner\">\n<div class=\"cmsmasters_slider\">\n\t\t\t<!-- START MINI GOBIERNO BOTTOM REVOLUTION SLIDER 6.6.12 --><p class=\"rs-p-wp-fix\"><\/p>\n\t\t\t<rs-module-wrap id=\"rev_slider_6_6_wrapper\" data-source=\"post\" style=\"visibility:hidden;background:transparent;padding:0;margin:0px auto;margin-top:0;margin-bottom:0;\">\n\t\t\t\t<rs-module id=\"rev_slider_6_6\" style=\"\" data-version=\"6.6.12\">\n\t\t\t\t\t<rs-slides style=\"overflow: hidden; position: absolute;\">\n\t\t\t\t\t\t<rs-slide style=\"position: absolute;\" data-key=\"rs-1264297\" data-title=\"Ricardo Salinas y Sectur M\u00e9xico realizan recorrido por Acapulco que deja huella tur\u00edstica\" data-in=\"o:0;\" data-out=\"a:false;\">\n\t\t\t\t\t\t\t<img decoding=\"async\" src=\"\/\/www.acapulcopress.com\/wp-content\/plugins\/revslider\/public\/assets\/assets\/dummy.png\" alt=\"Ricardo Salinas y Sectur M\u00e9xico realizan recorrido por Acapulco que deja huella tur\u00edstica\" title=\"Semar y FGR incineraron m\u00e1s de cuatro toneladas de coca\u00edna\" class=\"rev-slidebg tp-rs-img rs-lazyload\" data-lazyload=\"\/\/www.acapulcopress.com\/wp-content\/plugins\/revslider\/public\/assets\/assets\/transparent.png\" data-no-retina>\n<!--\n\t\t\t\t\t\t\t--><rs-layer\n\t\t\t\t\t\t\t\tid=\"slider-6-slide-1264297-layer-0\" \n\t\t\t\t\t\t\t\tdata-type=\"image\"\n\t\t\t\t\t\t\t\tdata-rsp_ch=\"on\"\n\t\t\t\t\t\t\t\tdata-xy=\"y:-1px;\"\n\t\t\t\t\t\t\t\tdata-text=\"w:normal;\"\n\t\t\t\t\t\t\t\tdata-dim=\"w:259px;h:196px;\"\n\t\t\t\t\t\t\t\tdata-frame_999=\"o:0;st:w;\"\n\t\t\t\t\t\t\t\tstyle=\"z-index:5;\"\n\t\t\t\t\t\t\t><img decoding=\"async\" src=\"\/\/www.acapulcopress.com\/wp-content\/plugins\/revslider\/public\/assets\/assets\/dummy.png\" alt=\"\" class=\"tp-rs-img rs-lazyload\" width=\"1200\" height=\"1600\" data-lazyload=\"\/\/www.acapulcopress.com\/wp-content\/uploads\/2026\/04\/7.jpeg\" data-no-retina> \n\t\t\t\t\t\t\t<\/rs-layer><!--\n\n\t\t\t\t\t\t\t--><rs-layer\n\t\t\t\t\t\t\t\tid=\"slider-6-slide-1264297-layer-1\" \n\t\t\t\t\t\t\t\tdata-type=\"text\"\n\t\t\t\t\t\t\t\tdata-color=\"#000000\"\n\t\t\t\t\t\t\t\tdata-rsp_ch=\"on\"\n\t\t\t\t\t\t\t\tdata-xy=\"y:229px;\"\n\t\t\t\t\t\t\t\tdata-text=\"w:normal;s:21;l:26;fw:500;\"\n\t\t\t\t\t\t\t\tdata-dim=\"w:260px;h:63px;\"\n\t\t\t\t\t\t\t\tdata-frame_999=\"o:0;st:w;\"\n\t\t\t\t\t\t\t\tstyle=\"z-index:6;font-family:'Oswald';\"\n\t\t\t\t\t\t\t><a href=\"https:\/\/www.acapulcopress.com\/index.php\/2026\/04\/28\/ricardo-salinas-y-sectur-mexico-realizan-recorrido-por-acapulco-que-deja-huella-turistica\/\" target=\"_self\" style=\"font-family: 'Oswald';font-style: normal;\">Ricardo Salinas y Sectur M\u00e9xico realizan recorrido por Acapulco que deja huella tur\u00edstica<\/a> \n\t\t\t\t\t\t\t<\/rs-layer><!--\n\n\t\t\t\t\t\t\t--><rs-layer\n\t\t\t\t\t\t\t\tid=\"slider-6-slide-1264297-layer-2\" \n\t\t\t\t\t\t\t\tdata-type=\"text\"\n\t\t\t\t\t\t\t\tdata-color=\"#000000\"\n\t\t\t\t\t\t\t\tdata-rsp_ch=\"on\"\n\t\t\t\t\t\t\t\tdata-xy=\"y:338px;\"\n\t\t\t\t\t\t\t\tdata-text=\"w:normal;s:16;l:20;\"\n\t\t\t\t\t\t\t\tdata-dim=\"w:260px;h:91px;\"\n\t\t\t\t\t\t\t\tdata-frame_999=\"o:0;st:w;\"\n\t\t\t\t\t\t\t\tstyle=\"z-index:7;font-family:'Roboto';\"\n\t\t\t\t\t\t\t>ACAPULCO * 28 de abril 2026.<br \/>\r\n) Especial<br \/>\r\nEn el marco del Tianguis Tur\u00edstico 2026 \n\t\t\t\t\t\t\t<\/rs-layer><!--\n\n\t\t\t\t\t\t\t--><rs-layer\n\t\t\t\t\t\t\t\tid=\"slider-6-slide-1264297-layer-3\" \n\t\t\t\t\t\t\t\tdata-type=\"text\"\n\t\t\t\t\t\t\t\tdata-color=\"#000000\"\n\t\t\t\t\t\t\t\tdata-rsp_ch=\"on\"\n\t\t\t\t\t\t\t\tdata-xy=\"y:424px;\"\n\t\t\t\t\t\t\t\tdata-text=\"w:normal;s:11;fw:500;\"\n\t\t\t\t\t\t\t\tdata-frame_999=\"o:0;st:w;\"\n\t\t\t\t\t\t\t\tstyle=\"z-index:8;font-family:'Roboto';\"\n\t\t\t\t\t\t\t><a href=\"https:\/\/www.acapulcopress.com\/index.php\/2026\/04\/28\/ricardo-salinas-y-sectur-mexico-realizan-recorrido-por-acapulco-que-deja-huella-turistica\/\" target=\"_blank\">READ MORE<\/a> \n\t\t\t\t\t\t\t<\/rs-layer><!--\n\n\t\t\t\t\t\t\t--><rs-layer\n\t\t\t\t\t\t\t\tid=\"slider-6-slide-1264297-layer-4\" \n\t\t\t\t\t\t\t\tdata-type=\"text\"\n\t\t\t\t\t\t\t\tdata-color=\"#000000\"\n\t\t\t\t\t\t\t\tdata-rsp_ch=\"on\"\n\t\t\t\t\t\t\t\tdata-xy=\"y:309px;\"\n\t\t\t\t\t\t\t\tdata-text=\"w:normal;s:11;\"\n\t\t\t\t\t\t\t\tdata-frame_999=\"o:0;st:w;\"\n\t\t\t\t\t\t\t\tstyle=\"z-index:9;font-family:'Arial', 'Helvetica', 'sans-serif';\"\n\t\t\t\t\t\t\t>BY ACAPULCOPRESS \n\t\t\t\t\t\t\t<\/rs-layer><!--\n\n\t\t\t\t\t\t\t--><rs-layer\n\t\t\t\t\t\t\t\tid=\"slider-6-slide-1264297-layer-5\" \n\t\t\t\t\t\t\t\tdata-type=\"text\"\n\t\t\t\t\t\t\t\tdata-color=\"#8e8e93\"\n\t\t\t\t\t\t\t\tdata-rsp_ch=\"on\"\n\t\t\t\t\t\t\t\tdata-xy=\"y:205px;\"\n\t\t\t\t\t\t\t\tdata-text=\"w:normal;s:11;\"\n\t\t\t\t\t\t\t\tdata-dim=\"w:175px;\"\n\t\t\t\t\t\t\t\tdata-frame_999=\"o:0;st:w;\"\n\t\t\t\t\t\t\t\tstyle=\"z-index:9;font-family:'Arial', 'Helvetica', 'sans-serif';\"\n\t\t\t\t\t\t\t>29 de abril de 2026 \n\t\t\t\t\t\t\t<\/rs-layer><!--\n-->\t\t\t\t\t\t<\/rs-slide>\n\t\t\t\t\t<\/rs-slides>\n\t\t\t\t<\/rs-module>\n\t\t\t\t<script>\n\t\t\t\t\tsetREVStartSize({c: 'rev_slider_6_6',rl:[1240,1024,778,480],el:[461],gw:[259],gh:[461],type:'standard',justify:'',layout:'fullwidth',mh:\"0\"});if (window.RS_MODULES!==undefined && window.RS_MODULES.modules!==undefined && window.RS_MODULES.modules[\"revslider66\"]!==undefined) {window.RS_MODULES.modules[\"revslider66\"].once = false;window.revapi6 = undefined;if (window.RS_MODULES.checkMinimal!==undefined) window.RS_MODULES.checkMinimal()}\n\t\t\t\t<\/script>\n\t\t\t<\/rs-module-wrap>\n\t\t\t<!-- END REVOLUTION SLIDER -->\n<\/div>\n<\/div><\/div>\n<div id=\"cmsmasters_column_bp9hbvw0wg\" class=\"cmsmasters_column one_fourth\">\n<div class=\"cmsmasters_column_inner\">\n<div class=\"cmsmasters_slider\">\n\t\t\t<!-- START MINI SOCIEDAD CIVIL BOTTOM REVOLUTION SLIDER 6.6.12 --><p class=\"rs-p-wp-fix\"><\/p>\n\t\t\t<rs-module-wrap id=\"rev_slider_7_7_wrapper\" data-source=\"post\" style=\"visibility:hidden;background:transparent;padding:0;margin:0px auto;margin-top:0;margin-bottom:0;\">\n\t\t\t\t<rs-module id=\"rev_slider_7_7\" style=\"\" data-version=\"6.6.12\">\n\t\t\t\t\t<rs-slides style=\"overflow: hidden; position: absolute;\">\n\t\t\t\t\t\t<rs-slide style=\"position: absolute;\" data-key=\"rs-1264289\" data-title=\"Firm\u00f3 Evelyn Salgado Convenios de Conectividad Tur\u00edstica para Acapulco\" data-in=\"o:0;\" data-out=\"a:false;\">\n\t\t\t\t\t\t\t<img decoding=\"async\" src=\"\/\/www.acapulcopress.com\/wp-content\/plugins\/revslider\/public\/assets\/assets\/dummy.png\" alt=\"Firm\u00f3 Evelyn Salgado Convenios de Conectividad Tur\u00edstica para Acapulco\" title=\"Semar y FGR incineraron m\u00e1s de cuatro toneladas de coca\u00edna\" class=\"rev-slidebg tp-rs-img rs-lazyload\" data-lazyload=\"\/\/www.acapulcopress.com\/wp-content\/plugins\/revslider\/public\/assets\/assets\/transparent.png\" data-no-retina>\n<!--\n\t\t\t\t\t\t\t--><rs-layer\n\t\t\t\t\t\t\t\tid=\"slider-7-slide-1264289-layer-0\" \n\t\t\t\t\t\t\t\tdata-type=\"image\"\n\t\t\t\t\t\t\t\tdata-rsp_ch=\"on\"\n\t\t\t\t\t\t\t\tdata-xy=\"y:-1px;\"\n\t\t\t\t\t\t\t\tdata-text=\"w:normal;\"\n\t\t\t\t\t\t\t\tdata-dim=\"w:259px;h:196px;\"\n\t\t\t\t\t\t\t\tdata-frame_999=\"o:0;st:w;\"\n\t\t\t\t\t\t\t\tstyle=\"z-index:5;\"\n\t\t\t\t\t\t\t><img decoding=\"async\" src=\"\/\/www.acapulcopress.com\/wp-content\/plugins\/revslider\/public\/assets\/assets\/dummy.png\" alt=\"\" class=\"tp-rs-img rs-lazyload\" width=\"1280\" height=\"720\" data-lazyload=\"\/\/www.acapulcopress.com\/wp-content\/uploads\/2026\/04\/TIANGUIS-TURISTICO-2026-2.jpg\" data-no-retina> \n\t\t\t\t\t\t\t<\/rs-layer><!--\n\n\t\t\t\t\t\t\t--><rs-layer\n\t\t\t\t\t\t\t\tid=\"slider-7-slide-1264289-layer-1\" \n\t\t\t\t\t\t\t\tdata-type=\"text\"\n\t\t\t\t\t\t\t\tdata-color=\"#000000\"\n\t\t\t\t\t\t\t\tdata-rsp_ch=\"on\"\n\t\t\t\t\t\t\t\tdata-xy=\"x:-1px;y:229px;\"\n\t\t\t\t\t\t\t\tdata-text=\"w:normal;s:21;l:26;fw:500;\"\n\t\t\t\t\t\t\t\tdata-dim=\"w:260px;h:69px;\"\n\t\t\t\t\t\t\t\tdata-frame_999=\"o:0;st:w;\"\n\t\t\t\t\t\t\t\tstyle=\"z-index:6;font-family:'Oswald';\"\n\t\t\t\t\t\t\t>Firm\u00f3 Evelyn Salgado Convenios de Conectividad Tur\u00edstica para Acapulco \n\t\t\t\t\t\t\t<\/rs-layer><!--\n\n\t\t\t\t\t\t\t--><rs-layer\n\t\t\t\t\t\t\t\tid=\"slider-7-slide-1264289-layer-2\" \n\t\t\t\t\t\t\t\tdata-type=\"text\"\n\t\t\t\t\t\t\t\tdata-color=\"#000000\"\n\t\t\t\t\t\t\t\tdata-rsp_ch=\"on\"\n\t\t\t\t\t\t\t\tdata-xy=\"x:1px;y:338px;\"\n\t\t\t\t\t\t\t\tdata-text=\"w:normal;s:16;l:20;\"\n\t\t\t\t\t\t\t\tdata-dim=\"w:260px;h:91px;\"\n\t\t\t\t\t\t\t\tdata-frame_999=\"o:0;st:w;\"\n\t\t\t\t\t\t\t\tstyle=\"z-index:7;font-family:'Roboto';\"\n\t\t\t\t\t\t\t>ACAPULCO * 28 de abril 2026.<br \/>\r\n) Acapulco Press<br \/>\r\nEn el marco de la celebraci\u00f3n \n\t\t\t\t\t\t\t<\/rs-layer><!--\n\n\t\t\t\t\t\t\t--><rs-layer\n\t\t\t\t\t\t\t\tid=\"slider-7-slide-1264289-layer-3\" \n\t\t\t\t\t\t\t\tdata-type=\"text\"\n\t\t\t\t\t\t\t\tdata-color=\"#000000\"\n\t\t\t\t\t\t\t\tdata-rsp_ch=\"on\"\n\t\t\t\t\t\t\t\tdata-xy=\"x:1px;y:424px;\"\n\t\t\t\t\t\t\t\tdata-text=\"w:normal;s:11;fw:500;\"\n\t\t\t\t\t\t\t\tdata-frame_999=\"o:0;st:w;\"\n\t\t\t\t\t\t\t\tstyle=\"z-index:8;font-family:'Roboto';\"\n\t\t\t\t\t\t\t><a href=\"https:\/\/www.acapulcopress.com\/index.php\/2026\/04\/28\/firmo-evelyn-salgado-convenios-de-conectividad-turistica-para-acapulco\/\" target=\"_self\">READ MORE<\/a> \n\t\t\t\t\t\t\t<\/rs-layer><!--\n\n\t\t\t\t\t\t\t--><rs-layer\n\t\t\t\t\t\t\t\tid=\"slider-7-slide-1264289-layer-4\" \n\t\t\t\t\t\t\t\tdata-type=\"text\"\n\t\t\t\t\t\t\t\tdata-color=\"#000000\"\n\t\t\t\t\t\t\t\tdata-rsp_ch=\"on\"\n\t\t\t\t\t\t\t\tdata-xy=\"x:-1px;y:309px;\"\n\t\t\t\t\t\t\t\tdata-text=\"w:normal;s:11;\"\n\t\t\t\t\t\t\t\tdata-frame_999=\"o:0;st:w;\"\n\t\t\t\t\t\t\t\tstyle=\"z-index:9;font-family:'Arial', 'Helvetica', 'sans-serif';\"\n\t\t\t\t\t\t\t>BY ACAPULCOPRESS \n\t\t\t\t\t\t\t<\/rs-layer><!--\n\n\t\t\t\t\t\t\t--><rs-layer\n\t\t\t\t\t\t\t\tid=\"slider-7-slide-1264289-layer-5\" \n\t\t\t\t\t\t\t\tdata-type=\"text\"\n\t\t\t\t\t\t\t\tdata-color=\"#8e8e93\"\n\t\t\t\t\t\t\t\tdata-rsp_ch=\"on\"\n\t\t\t\t\t\t\t\tdata-xy=\"y:205px;\"\n\t\t\t\t\t\t\t\tdata-text=\"w:normal;s:11;\"\n\t\t\t\t\t\t\t\tdata-dim=\"w:175px;\"\n\t\t\t\t\t\t\t\tdata-frame_999=\"o:0;st:w;\"\n\t\t\t\t\t\t\t\tstyle=\"z-index:9;font-family:'Arial', 'Helvetica', 'sans-serif';\"\n\t\t\t\t\t\t\t>29 de abril de 2026 \n\t\t\t\t\t\t\t<\/rs-layer><!--\n-->\t\t\t\t\t\t<\/rs-slide>\n\t\t\t\t\t<\/rs-slides>\n\t\t\t\t<\/rs-module>\n\t\t\t\t<script>\n\t\t\t\t\tsetREVStartSize({c: 'rev_slider_7_7',rl:[1240,1024,778,480],el:[461],gw:[259],gh:[461],type:'standard',justify:'',layout:'fullwidth',mh:\"0\"});if (window.RS_MODULES!==undefined && window.RS_MODULES.modules!==undefined && window.RS_MODULES.modules[\"revslider77\"]!==undefined) {window.RS_MODULES.modules[\"revslider77\"].once = false;window.revapi7 = undefined;if (window.RS_MODULES.checkMinimal!==undefined) window.RS_MODULES.checkMinimal()}\n\t\t\t\t<\/script>\n\t\t\t<\/rs-module-wrap>\n\t\t\t<!-- END REVOLUTION SLIDER -->\n<\/div>\n<\/div><\/div>\n<div id=\"cmsmasters_column_sthd9t2yvi\" class=\"cmsmasters_column one_fourth\">\n<div class=\"cmsmasters_column_inner\">\n<div class=\"cmsmasters_slider\">\n\t\t\t<!-- START MINI REGIONES BOTTOM REVOLUTION SLIDER 6.6.12 --><p class=\"rs-p-wp-fix\"><\/p>\n\t\t\t<rs-module-wrap id=\"rev_slider_8_8_wrapper\" data-source=\"post\" style=\"visibility:hidden;background:transparent;padding:0;margin:0px auto;margin-top:0;margin-bottom:0;\">\n\t\t\t\t<rs-module id=\"rev_slider_8_8\" style=\"\" data-version=\"6.6.12\">\n\t\t\t\t\t<rs-slides style=\"overflow: hidden; position: absolute;\">\n\t\t\t\t\t\t<rs-slide style=\"position: absolute;\" data-key=\"rs-1264175\" data-title=\"Corresponsal de El Sur, victima de la inseguridad y violencia en Atoyac de \u00c1lvarez\" data-in=\"o:0;\" data-out=\"a:false;\">\n\t\t\t\t\t\t\t<img decoding=\"async\" src=\"\/\/www.acapulcopress.com\/wp-content\/plugins\/revslider\/public\/assets\/assets\/dummy.png\" alt=\"Corresponsal de El Sur, victima de la inseguridad y violencia en Atoyac de \u00c1lvarez\" title=\"Semar y FGR incineraron m\u00e1s de cuatro toneladas de coca\u00edna\" class=\"rev-slidebg tp-rs-img rs-lazyload\" data-lazyload=\"\/\/www.acapulcopress.com\/wp-content\/plugins\/revslider\/public\/assets\/assets\/transparent.png\" data-no-retina>\n<!--\n\t\t\t\t\t\t\t--><rs-layer\n\t\t\t\t\t\t\t\tid=\"slider-8-slide-1264175-layer-0\" \n\t\t\t\t\t\t\t\tdata-type=\"image\"\n\t\t\t\t\t\t\t\tdata-rsp_ch=\"on\"\n\t\t\t\t\t\t\t\tdata-xy=\"y:-1px;\"\n\t\t\t\t\t\t\t\tdata-text=\"w:normal;\"\n\t\t\t\t\t\t\t\tdata-dim=\"w:259px;h:196px;\"\n\t\t\t\t\t\t\t\tdata-frame_999=\"o:0;st:w;\"\n\t\t\t\t\t\t\t\tstyle=\"z-index:5;\"\n\t\t\t\t\t\t\t><img decoding=\"async\" src=\"\/\/www.acapulcopress.com\/wp-content\/plugins\/revslider\/public\/assets\/assets\/dummy.png\" alt=\"\" class=\"tp-rs-img rs-lazyload\" width=\"1080\" height=\"1350\" data-lazyload=\"\/\/www.acapulcopress.com\/wp-content\/uploads\/2026\/04\/violencia-atoyac.png\" data-no-retina> \n\t\t\t\t\t\t\t<\/rs-layer><!--\n\n\t\t\t\t\t\t\t--><rs-layer\n\t\t\t\t\t\t\t\tid=\"slider-8-slide-1264175-layer-1\" \n\t\t\t\t\t\t\t\tdata-type=\"text\"\n\t\t\t\t\t\t\t\tdata-color=\"#000000\"\n\t\t\t\t\t\t\t\tdata-rsp_ch=\"on\"\n\t\t\t\t\t\t\t\tdata-xy=\"x:-1px;y:229px;\"\n\t\t\t\t\t\t\t\tdata-text=\"w:normal;s:21;l:26;fw:500;\"\n\t\t\t\t\t\t\t\tdata-dim=\"w:260px;h:74px;\"\n\t\t\t\t\t\t\t\tdata-frame_999=\"o:0;st:w;\"\n\t\t\t\t\t\t\t\tstyle=\"z-index:6;font-family:'Oswald';\"\n\t\t\t\t\t\t\t><a href=\"https:\/\/www.acapulcopress.com\/index.php\/2026\/04\/23\/corresponsal-de-el-sur-victima-de-la-inseguridad-y-violencia-en-atoyac-de-alvarez\/\" target=\"_self\" style=\"font-family: 'Oswald';font-style: normal;\">Corresponsal de El Sur, victima de la inseguridad y violencia en Atoyac de \u00c1lvarez<\/a> \n\t\t\t\t\t\t\t<\/rs-layer><!--\n\n\t\t\t\t\t\t\t--><rs-layer\n\t\t\t\t\t\t\t\tid=\"slider-8-slide-1264175-layer-2\" \n\t\t\t\t\t\t\t\tdata-type=\"text\"\n\t\t\t\t\t\t\t\tdata-color=\"#000000\"\n\t\t\t\t\t\t\t\tdata-rsp_ch=\"on\"\n\t\t\t\t\t\t\t\tdata-xy=\"x:1px;y:338px;\"\n\t\t\t\t\t\t\t\tdata-text=\"w:normal;s:16;l:20;\"\n\t\t\t\t\t\t\t\tdata-dim=\"w:260px;h:91px;\"\n\t\t\t\t\t\t\t\tdata-frame_999=\"o:0;st:w;\"\n\t\t\t\t\t\t\t\tstyle=\"z-index:7;font-family:'Roboto';\"\n\t\t\t\t\t\t\t>\u00bb Dimas | Arzeta<br \/>\r\nATOYAC DE \u00c1LVAREZ, Gro. * 23 de abril 2026.<br \/>\r\n) Arzeta \n\t\t\t\t\t\t\t<\/rs-layer><!--\n\n\t\t\t\t\t\t\t--><rs-layer\n\t\t\t\t\t\t\t\tid=\"slider-8-slide-1264175-layer-3\" \n\t\t\t\t\t\t\t\tdata-type=\"text\"\n\t\t\t\t\t\t\t\tdata-color=\"#000000\"\n\t\t\t\t\t\t\t\tdata-rsp_ch=\"on\"\n\t\t\t\t\t\t\t\tdata-xy=\"x:1px;y:424px;\"\n\t\t\t\t\t\t\t\tdata-text=\"w:normal;s:11;fw:500;\"\n\t\t\t\t\t\t\t\tdata-frame_999=\"o:0;st:w;\"\n\t\t\t\t\t\t\t\tstyle=\"z-index:8;font-family:'Roboto';\"\n\t\t\t\t\t\t\t><a href=\"https:\/\/www.acapulcopress.com\/index.php\/2026\/04\/23\/corresponsal-de-el-sur-victima-de-la-inseguridad-y-violencia-en-atoyac-de-alvarez\/\" target=\"_self\">READ MORE<\/a> \n\t\t\t\t\t\t\t<\/rs-layer><!--\n\n\t\t\t\t\t\t\t--><rs-layer\n\t\t\t\t\t\t\t\tid=\"slider-8-slide-1264175-layer-4\" \n\t\t\t\t\t\t\t\tdata-type=\"text\"\n\t\t\t\t\t\t\t\tdata-color=\"#000000\"\n\t\t\t\t\t\t\t\tdata-rsp_ch=\"on\"\n\t\t\t\t\t\t\t\tdata-xy=\"x:-1px;y:309px;\"\n\t\t\t\t\t\t\t\tdata-text=\"w:normal;s:11;\"\n\t\t\t\t\t\t\t\tdata-frame_999=\"o:0;st:w;\"\n\t\t\t\t\t\t\t\tstyle=\"z-index:9;font-family:'Arial', 'Helvetica', 'sans-serif';\"\n\t\t\t\t\t\t\t>BY ACAPULCOPRESS \n\t\t\t\t\t\t\t<\/rs-layer><!--\n\n\t\t\t\t\t\t\t--><rs-layer\n\t\t\t\t\t\t\t\tid=\"slider-8-slide-1264175-layer-5\" \n\t\t\t\t\t\t\t\tdata-type=\"text\"\n\t\t\t\t\t\t\t\tdata-color=\"#8e8e93\"\n\t\t\t\t\t\t\t\tdata-rsp_ch=\"on\"\n\t\t\t\t\t\t\t\tdata-xy=\"x:-2px;y:205px;\"\n\t\t\t\t\t\t\t\tdata-text=\"w:normal;s:11;\"\n\t\t\t\t\t\t\t\tdata-dim=\"w:175px;\"\n\t\t\t\t\t\t\t\tdata-frame_999=\"o:0;st:w;\"\n\t\t\t\t\t\t\t\tstyle=\"z-index:9;font-family:'Arial', 'Helvetica', 'sans-serif';\"\n\t\t\t\t\t\t\t>23 de abril de 2026 \n\t\t\t\t\t\t\t<\/rs-layer><!--\n-->\t\t\t\t\t\t<\/rs-slide>\n\t\t\t\t\t<\/rs-slides>\n\t\t\t\t<\/rs-module>\n\t\t\t\t<script>\n\t\t\t\t\tsetREVStartSize({c: 'rev_slider_8_8',rl:[1240,1024,778,480],el:[461],gw:[259],gh:[461],type:'standard',justify:'',layout:'fullwidth',mh:\"0\"});if (window.RS_MODULES!==undefined && window.RS_MODULES.modules!==undefined && window.RS_MODULES.modules[\"revslider88\"]!==undefined) {window.RS_MODULES.modules[\"revslider88\"].once = false;window.revapi8 = undefined;if (window.RS_MODULES.checkMinimal!==undefined) window.RS_MODULES.checkMinimal()}\n\t\t\t\t<\/script>\n\t\t\t<\/rs-module-wrap>\n\t\t\t<!-- END REVOLUTION SLIDER -->\n<\/div>\n<\/div><\/div>\n<\/div>\n<\/div>\n<\/div>\n<\/div>\n<\/div>\n\n","protected":false},"excerpt":{"rendered":"<p>Secretar\u00eda de Marina inform\u00f3 que ayer incineraron de aproximadamente 4 mil 241.30 kilogramos de clorhidrato de coca\u00edna&hellip; <a href=\"https:\/\/www.acapulcopress.com\/index.php\/2026\/04\/17\/semar-y-fgr-incineraron-mas-de-cuatro-toneladas-de-cocaina\/\" class=\"read-more\">Leer m\u00e1s <\/a><\/p>","protected":false},"author":1,"featured_media":0,"parent":0,"menu_order":0,"comment_status":"closed","ping_status":"closed","template":"","meta":{"footnotes":""},"class_list":["post-14189","page","type-page","status-publish","hentry"],"_links":{"self":[{"href":"https:\/\/www.acapulcopress.com\/index.php\/wp-json\/wp\/v2\/pages\/14189","targetHints":{"allow":["GET"]}}],"collection":[{"href":"https:\/\/www.acapulcopress.com\/index.php\/wp-json\/wp\/v2\/pages"}],"about":[{"href":"https:\/\/www.acapulcopress.com\/index.php\/wp-json\/wp\/v2\/types\/page"}],"author":[{"embeddable":true,"href":"https:\/\/www.acapulcopress.com\/index.php\/wp-json\/wp\/v2\/users\/1"}],"replies":[{"embeddable":true,"href":"https:\/\/www.acapulcopress.com\/index.php\/wp-json\/wp\/v2\/comments?post=14189"}],"version-history":[{"count":6,"href":"https:\/\/www.acapulcopress.com\/index.php\/wp-json\/wp\/v2\/pages\/14189\/revisions"}],"predecessor-version":[{"id":1259465,"href":"https:\/\/www.acapulcopress.com\/index.php\/wp-json\/wp\/v2\/pages\/14189\/revisions\/1259465"}],"wp:attachment":[{"href":"https:\/\/www.acapulcopress.com\/index.php\/wp-json\/wp\/v2\/media?parent=14189"}],"curies":[{"name":"wp","href":"https:\/\/api.w.org\/{rel}","templated":true}]}}